{"id":11,"date":"2020-08-17T09:44:36","date_gmt":"2020-08-17T12:44:36","guid":{"rendered":"https:\/\/frechalarquitetura.com.br\/?page_id=11"},"modified":"2020-08-31T09:29:31","modified_gmt":"2020-08-31T12:29:31","slug":"consultoria","status":"publish","type":"page","link":"https:\/\/frechalarquitetura.com.br\/index.php\/consultoria\/","title":{"rendered":"Consultoria"},"content":{"rendered":"","protected":false},"excerpt":{"rendered":"","protected":false},"author":1,"featured_media":0,"parent":0,"menu_order":0,"comment_status":"closed","ping_status":"closed","template":"pages\/page-consultoria.php","meta":[],"yoast_head":"<!-- This site is optimized with the Yoast SEO plugin v14.8.1 - https:\/\/yoast.com\/wordpress\/plugins\/seo\/ -->\r\n<title>Consultoria - Frechal Arquitetura<\/title>\r\n<meta name=\"description\" content=\"Quais autoriza\u00e7\u00f5es eu preciso? O projeto \u00e9 vi\u00e1vel economicamente? Para essas e in\u00fameras outras perguntas que possam aparecer, a Frechal conta com uma consultoria para te ajudar.\" \/>\r\n<meta name=\"robots\" content=\"index, follow\" \/>\r\n<meta name=\"googlebot\" content=\"index, follow, max-snippet:-1, max-image-preview:large, max-video-preview:-1\" \/>\r\n<meta name=\"bingbot\" content=\"index, follow, max-snippet:-1, max-image-preview:large, max-video-preview:-1\" \/>\r\n<link rel=\"canonical\" href=\"https:\/\/frechalarquitetura.com.br\/index.php\/consultoria\/\" \/>\r\n<meta property=\"og:locale\" content=\"pt_BR\" \/>\r\n<meta property=\"og:type\" content=\"article\" \/>\r\n<meta property=\"og:title\" content=\"Consultoria - Frechal Arquitetura\" \/>\r\n<meta property=\"og:description\" content=\"Quais autoriza\u00e7\u00f5es eu preciso? O projeto \u00e9 vi\u00e1vel economicamente? Para essas e in\u00fameras outras perguntas que possam aparecer, a Frechal conta com uma consultoria para te ajudar.\" \/>\r\n<meta property=\"og:url\" content=\"https:\/\/frechalarquitetura.com.br\/index.php\/consultoria\/\" \/>\r\n<meta property=\"og:site_name\" content=\"Frechal Arquitetura\" \/>\r\n<meta property=\"article:publisher\" content=\"https:\/\/www.facebook.com\/frechalarquitetura\/?fref=nf\" \/>\r\n<meta property=\"article:modified_time\" content=\"2020-08-31T12:29:31+00:00\" \/>\r\n<meta name=\"twitter:card\" content=\"summary_large_image\" \/>\r\n<script type=\"application\/ld+json\" class=\"yoast-schema-graph\">{\"@context\":\"https:\/\/schema.org\",\"@graph\":[{\"@type\":\"WebSite\",\"@id\":\"https:\/\/frechalarquitetura.com.br\/#website\",\"url\":\"https:\/\/frechalarquitetura.com.br\/\",\"name\":\"Frechal Arquitetura\",\"description\":\"unificando sonho a realidade.\",\"potentialAction\":[{\"@type\":\"SearchAction\",\"target\":\"https:\/\/frechalarquitetura.com.br\/?s={search_term_string}\",\"query-input\":\"required name=search_term_string\"}],\"inLanguage\":\"pt-BR\"},{\"@type\":\"WebPage\",\"@id\":\"https:\/\/frechalarquitetura.com.br\/index.php\/consultoria\/#webpage\",\"url\":\"https:\/\/frechalarquitetura.com.br\/index.php\/consultoria\/\",\"name\":\"Consultoria - Frechal Arquitetura\",\"isPartOf\":{\"@id\":\"https:\/\/frechalarquitetura.com.br\/#website\"},\"datePublished\":\"2020-08-17T12:44:36+00:00\",\"dateModified\":\"2020-08-31T12:29:31+00:00\",\"description\":\"Quais autoriza\\u00e7\\u00f5es eu preciso? O projeto \\u00e9 vi\\u00e1vel economicamente? Para essas e in\\u00fameras outras perguntas que possam aparecer, a Frechal conta com uma consultoria para te ajudar.\",\"inLanguage\":\"pt-BR\",\"potentialAction\":[{\"@type\":\"ReadAction\",\"target\":[\"https:\/\/frechalarquitetura.com.br\/index.php\/consultoria\/\"]}]}]}<\/script>\r\n<!-- \/ Yoast SEO plugin. -->","_links":{"self":[{"href":"https:\/\/frechalarquitetura.com.br\/index.php\/wp-json\/wp\/v2\/pages\/11"}],"collection":[{"href":"https:\/\/frechalarquitetura.com.br\/index.php\/wp-json\/wp\/v2\/pages"}],"about":[{"href":"https:\/\/frechalarquitetura.com.br\/index.php\/wp-json\/wp\/v2\/types\/page"}],"author":[{"embeddable":true,"href":"https:\/\/frechalarquitetura.com.br\/index.php\/wp-json\/wp\/v2\/users\/1"}],"replies":[{"embeddable":true,"href":"https:\/\/frechalarquitetura.com.br\/index.php\/wp-json\/wp\/v2\/comments?post=11"}],"version-history":[{"count":3,"href":"https:\/\/frechalarquitetura.com.br\/index.php\/wp-json\/wp\/v2\/pages\/11\/revisions"}],"predecessor-version":[{"id":38,"href":"https:\/\/frechalarquitetura.com.br\/index.php\/wp-json\/wp\/v2\/pages\/11\/revisions\/38"}],"wp:attachment":[{"href":"https:\/\/frechalarquitetura.com.br\/index.php\/wp-json\/wp\/v2\/media?parent=11"}],"curies":[{"name":"wp","href":"https:\/\/api.w.org\/{rel}","templated":true}]}}